{"id":1079,"date":"2019-11-26T07:50:24","date_gmt":"2019-11-26T05:50:24","guid":{"rendered":"http:\/\/www.wobalinde.ch\/?page_id=1079"},"modified":"2023-03-31T16:45:53","modified_gmt":"2023-03-31T14:45:53","slug":"medienpublikationen","status":"publish","type":"page","link":"https:\/\/www.wobalinde.ch\/?page_id=1079","title":{"rendered":"Medienpublikationen"},"content":{"rendered":"<h5><span style=\"color: #5ea845;\"><a href=\"http:\/\/www.wobalinde.ch\/wp-content\/uploads\/2020\/12\/201218-Wohnen-Artikel.pdf\">&nbsp;<\/a>Hier finden Sie die wichtigsten Medienartikel:<\/span><\/h5>\n<p>&nbsp;<\/p>\n<hr>\n<p><span style=\"color: #000000;\"><a style=\"color: #000000;\" href=\"https:\/\/www.wobalinde.ch\/wp-content\/uploads\/2023\/03\/230303-BvURh.pdf\" target=\"_blank\" rel=\"noopener\">23.03.2023 BvURh Vollvermietung und Ausbau<\/a><\/span><\/p>\n<p><span style=\"color: #000000;\"><a style=\"color: #000000;\" href=\"https:\/\/www.wobalinde.ch\/wp-content\/uploads\/2023\/03\/220830-Inforaum.pdf\" target=\"_blank\" rel=\"noopener\">30.08.2022 Inforaum Wohnbaugenossenschaft Linde schafft bezahlbaren Wohnraum<\/a><\/span><\/p>\n<p><span style=\"color: #000000;\">27.08.2021 BvURh <a style=\"color: #000000;\" href=\"http:\/\/www.wobalinde.ch\/wp-content\/uploads\/2021\/08\/210820-BvURh.pdf\">Generalversammlung der WOBA <\/a><\/span><\/p>\n<p><span style=\"color: #000000;\"><a style=\"color: #000000;\" href=\"http:\/\/www.wobalinde.ch\/wp-content\/uploads\/2020\/12\/201218-Wohnen-Artikel.pdf\">18.12.2020 Wohnen, wir haben den W\u00e4hlerwillen umgesetzt<\/a><\/span><\/p>\n<p><a href=\"http:\/\/www.wobalinde.ch\/wp-content\/uploads\/2020\/09\/Bote_049_17_07_2020.pdf\"><span style=\"color: #000000;\">17.07.2020 B<\/span><\/a><a style=\"color: #000000;\" href=\"http:\/\/www.wobalinde.ch\/wp-content\/uploads\/2020\/06\/200616-BvURh-Bericht-TdoT.pdf\"><span style=\"color: #000000;\">v<\/span>URh<\/a>. Mehr als die H\u00e4lfte vergeben<\/p>\n<p>17.07.2020 Radio Munot Bericht \u00fcber WOBA&nbsp;<\/p>\n<!--[if lt IE 9]><script>document.createElement('audio');<\/script><![endif]-->\n<audio class=\"wp-audio-shortcode\" id=\"audio-1079-1\" preload=\"none\" style=\"width: 100%;\" controls=\"controls\"><source type=\"audio\/mpeg\" src=\"http:\/\/www.wobalinde.ch\/wp-content\/uploads\/2020\/08\/rbo-Woba-Linde-Steckborn-Baurepo.mp3?_=1\" \/><a href=\"http:\/\/www.wobalinde.ch\/wp-content\/uploads\/2020\/08\/rbo-Woba-Linde-Steckborn-Baurepo.mp3\">http:\/\/www.wobalinde.ch\/wp-content\/uploads\/2020\/08\/rbo-Woba-Linde-Steckborn-Baurepo.mp3<\/a><\/audio>\n<p><span style=\"color: #000000;\"><a style=\"color: #000000;\" href=\"http:\/\/www.wobalinde.ch\/wp-content\/uploads\/2020\/06\/200616-BvURh-Bericht-TdoT.pdf\">16.06.2020 BvURh Bericht Tag der offenen T\u00fcr<\/a><\/span><\/p>\n<p><a href=\"http:\/\/www.wobalinde.ch\/wp-content\/uploads\/2020\/06\/200615-Tagblatt-Bericht-TdoT.pdf\"><span style=\"color: #000000;\">15.06.2020 Tagblatt Bericht Tag der offenen T\u00fcr<\/span><\/a><\/p>\n<p>09.06.2020 Radio Top Einladung Tag der offenen T\u00fcr&nbsp;<\/p>\n<audio class=\"wp-audio-shortcode\" id=\"audio-1079-2\" preload=\"none\" style=\"width: 100%;\" controls=\"controls\"><source type=\"audio\/mpeg\" src=\"http:\/\/www.wobalinde.ch\/wp-content\/uploads\/2020\/06\/200609-Radio-Top-Einladung-TdoT.mp3?_=2\" \/><a href=\"http:\/\/www.wobalinde.ch\/wp-content\/uploads\/2020\/06\/200609-Radio-Top-Einladung-TdoT.mp3\">http:\/\/www.wobalinde.ch\/wp-content\/uploads\/2020\/06\/200609-Radio-Top-Einladung-TdoT.mp3<\/a><\/audio>\n<p><span style=\"color: #000000;\"><a style=\"color: #000000;\" href=\"http:\/\/www.wobalinde.ch\/wp-content\/uploads\/2020\/06\/200609-BvURh-Einladung-TdoT.pdf\">09.06.2020 BvURH Einladung Tag der offenen T\u00fcr<\/a><\/span><\/p>\n<p><span style=\"color: #000000;\"><a style=\"color: #000000;\" href=\"http:\/\/www.wobalinde.ch\/wp-content\/uploads\/2020\/06\/200606-Tagblatt-Baureportage.pdf\">06.06.2020 Tagblatt Baureportage<\/a><\/span><\/p>\n<p><span style=\"color: #000000;\"><a style=\"color: #000000;\" href=\"http:\/\/www.wobalinde.ch\/wp-content\/uploads\/2020\/02\/200124-TZ-Linde-w\u00e4chst-gen-Himmel.pdf\">20.01.2020 TZ Linde w\u00e4chst gen Himmel<\/a><\/span><\/p>\n<p><span style=\"color: #000000;\"><a style=\"color: #000000;\" href=\"http:\/\/www.wobalinde.ch\/wp-content\/uploads\/2019\/12\/29.11.2019-SHNachrichten-Nur-die-junge-Mieter-fehlen-noch.pdf\">29.11.2019 SH Nachrichten Nur die junge Mieter fehlen noch<\/a><\/span><\/p>\n<p><span style=\"color: #000000;\"><a style=\"color: #000000;\" href=\"http:\/\/www.wobalinde.ch\/wp-content\/uploads\/2019\/12\/14.11.2019-Untersee-Kein-Gesundheitszentrum-in-Steckbon.pdf\">14.11.2019 Untersee Kein Gesundheitszentrum in Steckborn<\/a><\/span><\/p>\n<p><span style=\"color: #000000;\"><a style=\"color: #000000;\" href=\"http:\/\/www.wobalinde.ch\/wp-content\/uploads\/2019\/12\/13.11.2019-Tagblatt-WOBA-Linde-erleidet-trotz-Fortschrift-einen-R\u00fcckschlag.pdf\">13.11.2019 Tagblatt WOBA Linde erleidet trotz Fortschrift einen R\u00fcckschlag<\/a><\/span><\/p>\n<p><span style=\"color: #000000;\"><a style=\"color: #000000;\" href=\"http:\/\/www.wobalinde.ch\/wp-content\/uploads\/2019\/12\/08.11.2019-BvuRh-Vermietung-sind-erfreulich-angelaufen.pdf\">08.11.2019 BvURh Vermietung sind erfreulich angelaufen<\/a><\/span><\/p>\n<p><span style=\"color: #000000;\"><a style=\"color: #000000;\" href=\"http:\/\/www.wobalinde.ch\/wp-content\/uploads\/2019\/12\/25.06.2019-BvURh-Pr\u00e4sident-und-Vorstand-wieder-gew\u00e4hlt.pdf\">25.06.2019 BvURh Pr\u00e4sident und Vorstand wieder gew\u00e4hlt<\/a><\/span><\/p>\n<p><span style=\"color: #000000;\"><a style=\"color: #000000;\" href=\"http:\/\/www.wobalinde.ch\/wp-content\/uploads\/2019\/12\/01.11.2018-Tagblatt-Steckborner-Jahrhundertprojekt-nimmt-Formen-an.pdf\">01.11.2018 Tagblatt Steckborner Jahrhundertprojekt nimmt Formen an<\/a><\/span><\/p>\n<p><span style=\"color: #000000;\"><a style=\"color: #000000;\" href=\"http:\/\/www.wobalinde.ch\/wp-content\/uploads\/2019\/12\/30.10.2018-Tagblatt-Schon-vor-dem-Spatenstich-der-Steckborner-Wohnbaugenossenschaft-Linde-fahren-die-Bagger-auf.pdf\">30.10.2018 Tagblatt Schon vor dem Spatenstich der WOBA Linde fahren die Bagger auf<\/a><\/span><\/p>\n<p><span style=\"color: #000000;\"><a style=\"color: #000000;\" href=\"http:\/\/www.wobalinde.ch\/wp-content\/uploads\/2019\/12\/14.10.2018-Tagblatt-Woba-Linde-hat-einen-neuen-Vorstand.pdf\">14.10.2018 Tagblatt Woba Linde hat einen neuen Vorstand<\/a><\/span><\/p>\n<p><span style=\"color: #000000;\"><a style=\"color: #000000;\" href=\"http:\/\/www.wobalinde.ch\/wp-content\/uploads\/2019\/12\/08.10.2018-Tagblatt-Steckborner-Wohnbaugenossenschaft-Linde_-Finanzierung-ist-gesichert.pdf\">08.10.2018 Tagblatt Steckborner WOBA Linde Finanzierung ist gesichert<\/a><\/span><\/p>\n<p><span style=\"color: #000000;\"><a style=\"color: #000000;\" href=\"http:\/\/www.wobalinde.ch\/wp-content\/uploads\/2019\/12\/27.07.2018-Tagblatt-Masterarbeit-\u00fcber-geplante-Wohnbaugenossenschaft-in-Steckborn.pdf\">27.07.2018 Tagblatt Masterarbeit \u00fcber geplante Wohnbaugenossenschaft in Steckborn<\/a><\/span><\/p>\n<p><span style=\"color: #000000;\"><a style=\"color: #000000;\" href=\"http:\/\/www.wobalinde.ch\/wp-content\/uploads\/2019\/12\/20.06.2018-Tagblatt-Banken-bieten-Finanzierung-an.pdf\">20.06.2018 Tagblatt Banken bieten Finanzierung an<\/a><\/span><\/p>\n<p><span style=\"color: #000000;\"><a style=\"color: #000000;\" href=\"http:\/\/www.wobalinde.ch\/wp-content\/uploads\/2019\/12\/14.06.2018-Ffelder-Nachrichten-Linde-erh\u00e4lt-Darlehen.pdf\">14.06.2018 F&#8217;felder Nachrichten Linde erh\u00e4lt Darlehen<\/a><\/span><\/p>\n<p><span style=\"color: #000000;\"><a style=\"color: #000000;\" href=\"http:\/\/www.wobalinde.ch\/wp-content\/uploads\/2019\/12\/12.06.2018-Tagblatt-Geldsegen-f\u00fcr-Steckborner-WOBA-Linde.pdf\">12.06.2018 Tagblatt Geldsegen f\u00fcr Steckborner WOBA Linde<\/a><\/span><\/p>\n<p><span style=\"color: #000000;\"><a style=\"color: #000000;\" href=\"http:\/\/www.wobalinde.ch\/wp-content\/uploads\/2019\/12\/27.05.2018-Tagblatt-FDP-empfiehlt-ein-Nein-zum-Linde-Baurechtsvertrag.pdf\">27.05.2018 Tagblatt FDP empfiehlt ein Nein zum Linde- Baurechtsvertrag<\/a><\/span><\/p>\n<p><a href=\"http:\/\/www.wobalinde.ch\/wp-content\/uploads\/2019\/12\/16.03.2018-Tagblatt-Schwebezustand-h\u00e4lt-an.pdf\"><span style=\"color: #000000;\">16.03.2018 Tagblatt Schwebezustand h\u00e4lt an<\/span><\/a><\/p>\n<p><span style=\"color: #000000;\"><a style=\"color: #000000;\" href=\"http:\/\/www.wobalinde.ch\/wp-content\/uploads\/2019\/12\/23.02.2018-Tagblatt-Endg\u00fcltig-gr\u00fcnes-Licht-f\u00fcr-Woba.pdf\">23.02.2018 Tagblatt Endg\u00fcltig gr\u00fcnes Licht f\u00fcr Woba<\/a><\/span><\/p>\n<p><span style=\"color: #000000;\"><a style=\"color: #000000;\" href=\"http:\/\/www.wobalinde.ch\/wp-content\/uploads\/2019\/12\/12.12.2017-Tagblatt-Bald-schwingt-die-Abrissbirne.pdf\">12.12.2017 Tagblatt Bald schwingt die Abrissbirne<\/a><\/span><\/p>\n<p><span style=\"color: #000000;\"><a style=\"color: #000000;\" href=\"http:\/\/www.wobalinde.ch\/wp-content\/uploads\/2019\/12\/25.08.2017-Tagblatt-das-Geld-in-trockenen-T\u00fcchern.pdf\">25.08.2017 Tagblatt das Geld in trockenen T\u00fcchern<\/a><\/span><\/p>\n<p><span style=\"color: #000000;\"><a style=\"color: #000000;\" href=\"http:\/\/www.wobalinde.ch\/wp-content\/uploads\/2019\/12\/23.06.2017-Tagblatt-Linde\u00bb-abges\u00e4gt.pdf\">23.06.2017 Tagblatt Linde\u00bb abges\u00e4gt<\/a><\/span><\/p>\n<p><span style=\"color: #000000;\"><a style=\"color: #000000;\" href=\"http:\/\/www.wobalinde.ch\/wp-content\/uploads\/2019\/12\/27.06.2017-Tagblatt-Das-Nein-verdaut.pdf\">27.06.2017 Tagblatt Das Nein verdaut<\/a><\/span><\/p>\n<p><span style=\"color: #000000;\"><a style=\"color: #000000;\" href=\"http:\/\/www.wobalinde.ch\/wp-content\/uploads\/2019\/12\/16.06.2017-BvURh-Millionen-Darlehen-f\u00fcr-WOBA-st\u00f6sst-auf-Kritik.pdf\">16.06.2017 BvURh Millionen Darlehen f\u00fcr WOBA st\u00f6sst auf Kritik<\/a><\/span><\/p>\n<p><span style=\"color: #000000;\"><a style=\"color: #000000;\" href=\"http:\/\/www.wobalinde.ch\/wp-content\/uploads\/2019\/12\/02.06.2017-TZ-Streitpunkt-st\u00e4dtischer-Kredit.pdf\">02.06.2017 TZ Streitpunkt st\u00e4dtischer Kredit<\/a><\/span><\/p>\n<p><span style=\"color: #000000;\"><a style=\"color: #000000;\" href=\"http:\/\/www.wobalinde.ch\/wp-content\/uploads\/2019\/12\/24.03.2017-BvURh-WOBA-Linde-ist-gut-unterwegs.pdf\">24.03.2017 BvURh WOBA Linde ist gut unterwegs<\/a><\/span><\/p>\n<p><span style=\"color: #000000;\"><a style=\"color: #000000;\" href=\"http:\/\/www.wobalinde.ch\/wp-content\/uploads\/2019\/12\/02.07.2017-Tagblatt-Streitpunkt-st\u00e4dtischer-Kredit.pdf\">02.07.2017 Tagblatt Streitpunkt st\u00e4dtischer Kredit<\/a><\/span><\/p>\n<p><span style=\"color: #000000;\"><a style=\"color: #000000;\" href=\"https:\/\/www.wobalinde.ch\/wp-content\/uploads\/2019\/12\/07.06.2016-BvURh-Zustimmung-zum-Baurechtsvertrag-Linde.pdf\" target=\"_blank\" rel=\"noopener\">07.06.2016 BvURh Zustimmung zum Baurechtsvertrag Linde<\/a><\/span><\/p>\n<p><span style=\"color: #000000;\"><a style=\"color: #000000;\" href=\"http:\/\/www.wobalinde.ch\/wp-content\/uploads\/2019\/12\/06.06.2016-Tagblatt-Klares-Ja-zum-Vertrag.pdf\">06.06.2016 Tagblatt Klares Ja zum Vertrag<\/a><\/span><\/p>\n<p><span style=\"color: #000000;\"><a style=\"color: #000000;\" href=\"http:\/\/www.wobalinde.ch\/wp-content\/uploads\/2019\/12\/31.05.2016-BvURh-Primarschule-Wir-stehen-zum-Projekt-Linde.pdf\"><span style=\"color: #000000;\">31.05.2016 BvURh Primarschule Wir stehen<\/span> zum Projekt Linde<\/a><\/span><\/p>\n<p><span style=\"color: #000000;\"><a style=\"color: #000000;\" href=\"http:\/\/www.wobalinde.ch\/wp-content\/uploads\/2019\/12\/28.05.2016-Tagblatt-Lindenprojekt-ist-eine-Riesenchance.pdf\">28.05.2016 Tagblatt Lindenprojekt ist eine Riesenchance<\/a><\/span><\/p>\n<p><span style=\"color: #000000;\"><a style=\"color: #000000;\" href=\"http:\/\/www.wobalinde.ch\/wp-content\/uploads\/2019\/12\/27.05.2016-BvURh-Zum-Baurechtsvertrag-Lindenareal.pdf\">27.05.2016 BvURh Zum Baurechtsvertrag Lindenareal<\/a><\/span><\/p>\n<p><span style=\"color: #000000;\"><a style=\"color: #000000;\" href=\"http:\/\/www.wobalinde.ch\/wp-content\/uploads\/2019\/12\/24.05.2016-BvURh-WOBA-Vorstand-wird-vorzeitig-ge\u00f6ffnet.pdf\">24.05.2016 BvURh WOBA-Vorstand wird vorzeitig ge\u00f6ffnet<\/a><\/span><\/p>\n<p><span style=\"color: #000000;\"><a style=\"color: #000000;\" href=\"http:\/\/www.wobalinde.ch\/wp-content\/uploads\/2019\/12\/24.05.2016-Tagblatt-Linde-Vertrag-erf\u00e4hrt-Opposition.pdf\">24.05.2016 Tagblatt Linde-Vertrag erf\u00e4hrt Opposition<\/a><\/span><\/p>\n<p><span style=\"color: #000000;\"><a style=\"color: #000000;\" href=\"http:\/\/www.wobalinde.ch\/wp-content\/uploads\/2019\/12\/21.05.2016-Tagblatt-Da-sind-sich-nicht-alle-gr\u00fcn.pdf\">21.05.2016 Tagblatt Da sind sich nicht alle gr\u00fcn<\/a><\/span><\/p>\n<p><span style=\"color: #000000;\"><a style=\"color: #000000;\" href=\"http:\/\/www.wobalinde.ch\/wp-content\/uploads\/2019\/12\/13.05.2016-BvURh-Weichenstellung-f\u00fcr-Lindenareal.pdf\">13.05.2016 BvURh Weichenstellung f\u00fcr Lindenareal<\/a><\/span><\/p>\n<p><span style=\"color: #000000;\"><a style=\"color: #000000;\" href=\"http:\/\/www.wobalinde.ch\/wp-content\/uploads\/2019\/12\/13.05.2016-Tagblatt-Eine-Frage-der-Interpretation.pdf\">13.05.2016 Tagblatt Eine Frage der Interpretation<\/a><\/span><\/p>\n<p><span style=\"color: #000000;\"><a style=\"color: #000000;\" href=\"http:\/\/www.wobalinde.ch\/wp-content\/uploads\/2019\/12\/10.05.2016-BvURh-Urnengang-f\u00fcr-das-n\u00e4chste-Etappenzeil.pdf\">10.05.2016 BvURh Urnengang f\u00fcr das n\u00e4chste Etappenzeil<\/a><\/span><\/p>\n<p><span style=\"color: #000000;\"><a style=\"color: #000000;\" href=\"http:\/\/www.wobalinde.ch\/wp-content\/uploads\/2019\/12\/07.05.2016-Tagblatt-Vorgehen-des-Stadtrates-macht-stutzig.pdf\">07.05.2016 Tagblatt Vorgehen des Stadtrates macht stutzig<\/a><\/span><\/p>\n<p><span style=\"color: #000000;\"><a style=\"color: #000000;\" href=\"http:\/\/www.wobalinde.ch\/wp-content\/uploads\/2019\/12\/07.05.2016-Tagblatt-Kritik-am-Baurechtsvertrag.pdf\">07.05.2016 Tagblatt Kritik am Baurechtsvertrag<\/a><\/span><\/p>\n<p><span style=\"color: #000000;\"><a style=\"color: #000000;\" href=\"http:\/\/www.wobalinde.ch\/wp-content\/uploads\/2019\/12\/04.05.2016-Tagblatt-\u00abLinde\u00bb-als-spekulationsfreie-Zone.pdf\">04.05.2016 Tagblatt \u00abLinde\u00bb als spekulationsfreie Zone<\/a><\/span><\/p>\n<p><span style=\"color: #000000;\"><a style=\"color: #000000;\" href=\"http:\/\/www.wobalinde.ch\/wp-content\/uploads\/2019\/12\/15.04.2016-Tagblatt-Lindenareal-Vertrag-an-der-Urne.pdf\">15.04.2016 Tagblatt Lindenareal Vertrag an der Urne<\/a><\/span><\/p>\n<p><span style=\"color: #000000;\"><a style=\"color: #000000;\" href=\"http:\/\/www.wobalinde.ch\/wp-content\/uploads\/2019\/12\/08.04.2016-Tagblatt-Baurechtsvertrag-bald-an-der-Urne.pdf\">08.04.2016 Tagblatt Baurechtsvertrag bald an der Urne<\/a><\/span><\/p>\n<p><span style=\"color: #000000;\"><a style=\"color: #000000;\" href=\"http:\/\/www.wobalinde.ch\/wp-content\/uploads\/2019\/12\/18.12.2015-Tagblatt-Sieben-gr\u00fcnden-\u00abLinde\u00bb.pdf\">18.12.2015 Tagblatt Sieben gr\u00fcnden \u00abLinde\u00bb<\/a><\/span><\/p>\n<p><span style=\"color: #000000;\"><a style=\"color: #000000;\" href=\"http:\/\/www.wobalinde.ch\/wp-content\/uploads\/2019\/12\/16.08.2014-Tagblatt-36-Bewerber-f\u00fcrs-Lindenareal.pdf\">16.08.2014 Tagblatt 36 Bewerber f\u00fcrs Lindenareal<\/a><\/span><\/p>\n<p><span style=\"color: #000000;\"><a style=\"color: #000000;\" href=\"http:\/\/www.wobalinde.ch\/wp-content\/uploads\/2019\/12\/28.08.2013-Tagblatt-\u00d6ffentliche-Information-zum-Lindenareal-in-Steckborn.pdf\">28.08.2013 Tagblatt \u00d6ffentliche Information zum Lindenareal in Steckborn<\/a><\/span><\/p>\n<p><span style=\"color: #000000;\"><a style=\"color: #000000;\" href=\"http:\/\/www.wobalinde.ch\/wp-content\/uploads\/2019\/12\/16.10.2012-BvURh-Stadt-soll-Lindenareal-behalten.pdf\">16.10.2012 BvURh Stadt soll Lindenareal behalten<\/a><\/span><\/p>\n<p><span style=\"color: #000000;\"><a style=\"color: #000000;\" href=\"http:\/\/www.wobalinde.ch\/wp-content\/uploads\/2019\/12\/20.06.2012-BvURh-Steckborner-k\u00f6nnen-mitreden.pdf\">20.06.2012 BvURh Steckborner k\u00f6nnen mitreden<\/a><\/span><\/p>\n\n\n<p><\/p>\n","protected":false},"excerpt":{"rendered":"<p>&nbsp;Hier finden Sie die wichtigsten Medienartikel: &nbsp; 23.03.2023 BvURh Vollvermietung und Ausbau 30.08.2022 Inforaum Wohnbaugenossenschaft Linde schafft bezahlbaren Wohnraum 27.08.2021 BvURh Generalversammlung der WOBA 18.12.2020 Wohnen, wir haben den W\u00e4hlerwillen umgesetzt 17.07.2020 BvURh. Mehr als die H\u00e4lfte vergeben 17.07.2020 Radio Munot Bericht \u00fcber WOBA&nbsp; 16.06.2020 BvURh Bericht Tag der offenen T\u00fcr 15.06.2020 Tagblatt Bericht Tag &hellip; <a href=\"https:\/\/www.wobalinde.ch\/?page_id=1079\" class=\"more-link\"><span class=\"screen-reader-text\">Medienpublikationen<\/span> weiterlesen <span class=\"meta-nav\">&rarr;<\/span><\/a><\/p>\n","protected":false},"author":1,"featured_media":0,"parent":0,"menu_order":0,"comment_status":"closed","ping_status":"closed","template":"","meta":{"ngg_post_thumbnail":0,"_price":"","_stock":"","_tribe_ticket_header":"","_tribe_default_ticket_provider":"","_tribe_ticket_capacity":"0","_ticket_start_date":"","_ticket_end_date":"","_tribe_ticket_show_description":"","_tribe_ticket_show_not_going":false,"_tribe_ticket_use_global_stock":"","_tribe_ticket_global_stock_level":"","_global_stock_mode":"","_global_stock_cap":"","_tribe_rsvp_for_event":"","_tribe_ticket_going_count":"","_tribe_ticket_not_going_count":"","_tribe_tickets_list":"[]","_tribe_ticket_has_attendee_info_fields":false,"footnotes":"","_tec_slr_enabled":"","_tec_slr_layout":""},"class_list":["post-1079","page","type-page","status-publish","hentry"],"ticketed":false,"_links":{"self":[{"href":"https:\/\/www.wobalinde.ch\/index.php?rest_route=\/wp\/v2\/pages\/1079","targetHints":{"allow":["GET"]}}],"collection":[{"href":"https:\/\/www.wobalinde.ch\/index.php?rest_route=\/wp\/v2\/pages"}],"about":[{"href":"https:\/\/www.wobalinde.ch\/index.php?rest_route=\/wp\/v2\/types\/page"}],"author":[{"embeddable":true,"href":"https:\/\/www.wobalinde.ch\/index.php?rest_route=\/wp\/v2\/users\/1"}],"replies":[{"embeddable":true,"href":"https:\/\/www.wobalinde.ch\/index.php?rest_route=%2Fwp%2Fv2%2Fcomments&post=1079"}],"version-history":[{"count":18,"href":"https:\/\/www.wobalinde.ch\/index.php?rest_route=\/wp\/v2\/pages\/1079\/revisions"}],"predecessor-version":[{"id":1710,"href":"https:\/\/www.wobalinde.ch\/index.php?rest_route=\/wp\/v2\/pages\/1079\/revisions\/1710"}],"wp:attachment":[{"href":"https:\/\/www.wobalinde.ch\/index.php?rest_route=%2Fwp%2Fv2%2Fmedia&parent=1079"}],"curies":[{"name":"wp","href":"https:\/\/api.w.org\/{rel}","templated":true}]}}